{"id":481,"date":"2014-03-18T10:05:20","date_gmt":"2014-03-18T09:05:20","guid":{"rendered":"http:\/\/oise-echecs.fr\/?page_id=481"},"modified":"2025-10-17T16:49:30","modified_gmt":"2025-10-17T15:49:30","slug":"droit-au-mat-2","status":"publish","type":"page","link":"https:\/\/oise-echecs.fr\/?page_id=481","title":{"rendered":"Droit Au Mat &#8211; Pr\u00e9cy-sur-Oise"},"content":{"rendered":"<p>&nbsp;<\/p>\n<p style=\"text-align: center;\"><span style=\"font-family: Times New Roman, serif;\"><span style=\"font-size: xx-large;\"><b>Droit Au Mat \u2013 Pr\u00e9cy-sur-Oise <\/b><\/span><\/span><\/p>\n<p><a href=\"http:\/\/oise-echecs.fr\/?attachment_id=1543\" rel=\"attachment wp-att-1543\"><img loading=\"lazy\" decoding=\"async\" class=\"aligncenter size-thumbnail wp-image-1543\" src=\"http:\/\/oise-echecs.fr\/wp-content\/uploads\/2014\/12\/Logo-DAM-150x150.png\" alt=\"\" width=\"150\" height=\"150\" \/><\/a><br \/>\nLe club Droit au Mat vous accueille le mardi soir (adultes) et le jeudi soir (pour tous) \u00e0 Pr\u00e9cy-sur-Oise.<\/p>\n<p><a href=\"http:\/\/oise-echecs.fr\/wp-content\/uploads\/2025\/10\/plaquette-SAISON-2025-2026.pdf\">Plaquette 2025-2026<\/a><\/p>\n<p>&nbsp;<\/p>\n<hr \/>\n<p><strong>SALLES DE JEU ET HORAIRES :<\/strong><\/p>\n<p style=\"padding-left: 30px;\">Parc des Erables\/Salle des Anciens (rez-de-chauss\u00e9e \u00e0 gauche en rentrant dans le parc, deuxi\u00e8me maison)<\/p>\n<p style=\"padding-left: 30px;\">et Parc des Erables\/Salle Dhaenens (rez-de-chauss\u00e9e, tout droit en rentrant dans le parc) &#8211; jeu libre<\/p>\n<p>\u00a0 \u00a0 \u00a0 \u00a0 Entr\u00e9e du Parc des Erables\u00a0 \u00e0 l&rsquo;angle de la rue des Tournelles et de la rue des Briqueteries<\/p>\n<p style=\"padding-left: 30px;\">Initiation et rencontres loisirs.<\/p>\n<p>\u00a0 \u00a0 \u00a0 \u00a0 Pour les comp\u00e9titions, nous consulter.<\/p>\n<p>Depuis la saison 2017-2018, nos entra\u00eenements sont ouverts \u00e0 tout licenci\u00e9 FFE. N&rsquo;h\u00e9sitez pas \u00e0 venir jouer avec nous !<\/p>\n<p>Depuis la saison 2021-2022, notre club propose aussi une offre de cours collectifs en ligne.<\/p>\n<p>Plan des salles ci-dessous :<\/p>\n<p><img loading=\"lazy\" decoding=\"async\" class=\"alignnone size-medium wp-image-10284\" src=\"http:\/\/oise-echecs.fr\/wp-content\/uploads\/2021\/09\/DROIT-AU-MAT-salles-Parc-des-Erables-v2-300x207.png\" alt=\"\" width=\"300\" height=\"207\" srcset=\"https:\/\/oise-echecs.fr\/wp-content\/uploads\/2021\/09\/DROIT-AU-MAT-salles-Parc-des-Erables-v2-300x207.png 300w, https:\/\/oise-echecs.fr\/wp-content\/uploads\/2021\/09\/DROIT-AU-MAT-salles-Parc-des-Erables-v2-392x272.png 392w, https:\/\/oise-echecs.fr\/wp-content\/uploads\/2021\/09\/DROIT-AU-MAT-salles-Parc-des-Erables-v2-130x90.png 130w, https:\/\/oise-echecs.fr\/wp-content\/uploads\/2021\/09\/DROIT-AU-MAT-salles-Parc-des-Erables-v2.png 691w\" sizes=\"auto, (max-width: 300px) 100vw, 300px\" \/><\/p>\n<p>&nbsp;<\/p>\n<p><strong>CONTACT :<\/strong><\/p>\n<p><span style=\"line-height: 1.5em;\">\u00a0 \u00a0 \u00a0 \u00a0 Sophie GERTOSIO-SERENA<\/span><\/p>\n<p style=\"padding-left: 30px;\">Adresse mail : <a href=\"mailto:PICFEMS@aol.com\"><strong>droit-au-mat@oise-echecs.fr<\/strong><\/a><\/p>\n<p>\u00a0 \u00a0 \u00a0 \u00a0 Renseignements sur place aux heures d&rsquo;ouverture.<\/p>\n<p style=\"padding-left: 30px;\"><strong><a href=\"http:\/\/echecs.asso.fr\/FicheClub.aspx?Ref=1735\" target=\"_blanck\" rel=\"noopener noreferrer\">Raccourci vers la page de la FFE<\/a><\/strong><\/p>\n<p>\u00a0 \u00a0 \u00a0 \u00a0Retrouvez-nous \u00e9galement sur Facebook, Twitter &amp; Instagram<\/p>\n<p>&nbsp;<\/p>\n<p><strong>CERTIFICAT MEDICAL (suite \u00e0 mise \u00e0 jour FFE en septembre 2022) :<\/strong><\/p>\n<p>questionnaire m\u00e9dical pour les mineurs ici : <a href=\"http:\/\/www.echecs.asso.fr\/Actus\/14098\/questionnaire_mineur.pdf\" target=\"_blank\" rel=\"noopener\">http:\/\/www.echecs.asso.fr\/Actus\/14098\/questionnaire_mineur.pdf<\/a><\/p>\n<p>questionnaire m\u00e9dical pour les majeurs ici : <a href=\"http:\/\/www.echecs.asso.fr\/Actus\/14098\/questionnaire_majeur.pdf\" target=\"_blank\" rel=\"noopener\">http:\/\/www.echecs.asso.fr\/Actus\/14098\/questionnaire_majeur.pdf<\/a><\/p>\n<p>si vous avez r\u00e9pondu non \u00e0 toutes les questions : attestation ici :<\/p>\n<p><a href=\"http:\/\/www.echecs.asso.fr\/Actus\/14098\/attestation_negative.pdf\" target=\"_blank\" rel=\"noopener\">http:\/\/www.echecs.asso.fr\/Actus\/14098\/attestation_negative.pdf<\/a><\/p>\n<p>&nbsp;<\/p>\n<p><strong>PRESSE LOCALE :<\/strong><\/p>\n<p>Vivre \u00e0 Pr\u00e9cy juin 2022 :<\/p>\n<p><img loading=\"lazy\" decoding=\"async\" class=\"alignnone size-medium wp-image-10927\" src=\"http:\/\/oise-echecs.fr\/wp-content\/uploads\/2022\/06\/Vivre-a-Precy-juin-2022-300x187.png\" alt=\"\" width=\"300\" height=\"187\" srcset=\"https:\/\/oise-echecs.fr\/wp-content\/uploads\/2022\/06\/Vivre-a-Precy-juin-2022-300x187.png 300w, https:\/\/oise-echecs.fr\/wp-content\/uploads\/2022\/06\/Vivre-a-Precy-juin-2022-768x479.png 768w, https:\/\/oise-echecs.fr\/wp-content\/uploads\/2022\/06\/Vivre-a-Precy-juin-2022.png 1019w\" sizes=\"auto, (max-width: 300px) 100vw, 300px\" \/><\/p>\n<p>&nbsp;<\/p>\n<p>&nbsp;<\/p>\n<p>&nbsp;<\/p>\n<p>&nbsp;<\/p>\n<p>&nbsp;<\/p>\n","protected":false},"excerpt":{"rendered":"<p>&nbsp; Droit Au Mat \u2013 Pr\u00e9cy-sur-Oise Le club Droit au Mat vous accueille le mardi soir (adultes) et le jeudi<\/p>\n","protected":false},"author":1,"featured_media":0,"parent":6,"menu_order":0,"comment_status":"closed","ping_status":"closed","template":"","meta":{"colormag_page_container_layout":"default_layout","colormag_page_sidebar_layout":"default_layout","jetpack_post_was_ever_published":false,"footnotes":""},"class_list":["post-481","page","type-page","status-publish","hentry"],"jetpack_sharing_enabled":true,"jetpack_shortlink":"https:\/\/wp.me\/P90hcv-7L","_links":{"self":[{"href":"https:\/\/oise-echecs.fr\/index.php?rest_route=\/wp\/v2\/pages\/481","targetHints":{"allow":["GET"]}}],"collection":[{"href":"https:\/\/oise-echecs.fr\/index.php?rest_route=\/wp\/v2\/pages"}],"about":[{"href":"https:\/\/oise-echecs.fr\/index.php?rest_route=\/wp\/v2\/types\/page"}],"author":[{"embeddable":true,"href":"https:\/\/oise-echecs.fr\/index.php?rest_route=\/wp\/v2\/users\/1"}],"replies":[{"embeddable":true,"href":"https:\/\/oise-echecs.fr\/index.php?rest_route=%2Fwp%2Fv2%2Fcomments&post=481"}],"version-history":[{"count":139,"href":"https:\/\/oise-echecs.fr\/index.php?rest_route=\/wp\/v2\/pages\/481\/revisions"}],"predecessor-version":[{"id":13207,"href":"https:\/\/oise-echecs.fr\/index.php?rest_route=\/wp\/v2\/pages\/481\/revisions\/13207"}],"up":[{"embeddable":true,"href":"https:\/\/oise-echecs.fr\/index.php?rest_route=\/wp\/v2\/pages\/6"}],"wp:attachment":[{"href":"https:\/\/oise-echecs.fr\/index.php?rest_route=%2Fwp%2Fv2%2Fmedia&parent=481"}],"curies":[{"name":"wp","href":"https:\/\/api.w.org\/{rel}","templated":true}]}}